{"id":254,"date":"2020-07-06T16:26:27","date_gmt":"2020-07-06T14:26:27","guid":{"rendered":"https:\/\/www.kunstverhau.de\/?page_id=254"},"modified":"2025-03-29T22:08:22","modified_gmt":"2025-03-29T21:08:22","slug":"rica-bilder","status":"publish","type":"page","link":"https:\/\/www.kunstverhau.de\/?page_id=254","title":{"rendered":"Bilder"},"content":{"rendered":"\n<div class=\"wp-block-group alignfull has-background\" style=\"background-color:#a97764\"><div class=\"wp-block-group__inner-container is-layout-flow wp-block-group-is-layout-flow\">\n<p class=\"wp-block-paragraph\"><\/p>\n\n\n\n<p class=\"has-text-align-center has-h-2-font-size wp-block-paragraph\"><strong>Bilder<\/strong><\/p>\n\n\n\n<p class=\"has-text-align-center has-h-4-font-size wp-block-paragraph\" style=\"line-height:1.2\"><strong>D\u00e9calcomanie<\/strong><\/p>\n\n\n\n<p class=\"wp-block-paragraph\"><strong>D\u00e9calcomanie<\/strong> ist eine k\u00fcnstlerische Technik des Farbabzuges oder des Farbabklatsches. Es ist ein Zufallsverfahren, das in einfacherer Form auch in der Kunsttherapie oder in der Arbeit mit Kindern angewandt wird. Man kann nicht wirklich steuern, was letztlich auf dem Blatt zu sehen ist, doch man kann beim Betrachten in den entstandenen oft bizarren Formen viele Dinge erkennen, die dann weiter bearbeitet und gestaltet werden k\u00f6nnen. <\/p>\n\n\n\n<p class=\"wp-block-paragraph\">Dieses Verfahren wurde von vielen Surrealisten \u00fcbernommen und angewandt. So erkennt man bei viele Bilder von <a href=\"https:\/\/de.wikipedia.org\/wiki\/Max_Ernst\" target=\"_blank\" rel=\"noreferrer noopener\">Max Ernst<\/a> seine Methode, die durch die D\u00e9calcomanie entstandenen Formen und Strukturen nach seinen Vorstellungen weiter zu gestalten.  <\/p>\n\n\n\n<p class=\"wp-block-paragraph\" id=\"viewer-4q6o2\">Ich arbeite fast ausschlie\u00dflich in diesem Zufallsverfahren. Mit Hilfe von Folien werden nach dem Auftrag der feuchten Farben Strukturen erzeugt, indem die Farben zusammen mit der Folie auf der liegenden oder stehenden Leinwand trocknen. Nach dem Trocknen wird die Folie abgenommen und alles mit einer Schicht Acrylbinder versiegelt. Der Farbauftrag geschieht in mehreren Schichten, erzeugt so die n\u00f6tige Tiefe und Vielzahl an Strukturen, immer in der Hoffnung, dass sich irgendwann die Dinge zeigen, die von mir herausgearbeitet werden wollen. <\/p>\n\n\n\n<p class=\"wp-block-paragraph\">Aufgrund dieser sehr mit dem unterbewussten Erkennen und Wahrnehmen von Dingen in Strukturen Linien und Formen verbundenen Arbeitsmethode ist es ein langer Prozess bis meine Bilder die ersten groben Formen annehmen und ein noch l\u00e4ngerer, bis alles ins kleinste Detail so dargestellt ist, wie es sein soll.<\/p>\n\n\n\n<p class=\"wp-block-paragraph\"><\/p>\n\n\n\n<p class=\"wp-block-paragraph\"><\/p>\n\n\n\n<p class=\"wp-block-paragraph\"><\/p>\n\n\n\n<p class=\"wp-block-paragraph\"><\/p>\n\n\n\n<p class=\"wp-block-paragraph\"><\/p>\n<\/div><\/div>\n\n\n\n<div class=\"wp-block-group alignfull has-background\" style=\"background-color:#d88572\"><div class=\"wp-block-group__inner-container is-layout-flow wp-block-group-is-layout-flow\">\n<figure class=\"wp-block-gallery has-nested-images columns-default is-cropped wp-block-gallery-1 is-layout-flex wp-block-gallery-is-layout-flex\">\n<figure class=\"wp-block-image size-large\"><img fetchpriority=\"high\" decoding=\"async\" width=\"732\" height=\"1024\" data-id=\"6529\" src=\"https:\/\/www.kunstverhau.de\/wp-content\/uploads\/2025\/03\/die-Schwierigkeit-von-guten-Gedanken-in-schlechten-Zeiten-6-732x1024.jpg\" alt=\"\" class=\"wp-image-6529\" srcset=\"https:\/\/www.kunstverhau.de\/wp-content\/uploads\/2025\/03\/die-Schwierigkeit-von-guten-Gedanken-in-schlechten-Zeiten-6-732x1024.jpg 732w, https:\/\/www.kunstverhau.de\/wp-content\/uploads\/2025\/03\/die-Schwierigkeit-von-guten-Gedanken-in-schlechten-Zeiten-6-214x300.jpg 214w, https:\/\/www.kunstverhau.de\/wp-content\/uploads\/2025\/03\/die-Schwierigkeit-von-guten-Gedanken-in-schlechten-Zeiten-6-768x1075.jpg 768w, https:\/\/www.kunstverhau.de\/wp-content\/uploads\/2025\/03\/die-Schwierigkeit-von-guten-Gedanken-in-schlechten-Zeiten-6-1097x1536.jpg 1097w, https:\/\/www.kunstverhau.de\/wp-content\/uploads\/2025\/03\/die-Schwierigkeit-von-guten-Gedanken-in-schlechten-Zeiten-6-1463x2048.jpg 1463w, https:\/\/www.kunstverhau.de\/wp-content\/uploads\/2025\/03\/die-Schwierigkeit-von-guten-Gedanken-in-schlechten-Zeiten-6-1200x1680.jpg 1200w, https:\/\/www.kunstverhau.de\/wp-content\/uploads\/2025\/03\/die-Schwierigkeit-von-guten-Gedanken-in-schlechten-Zeiten-6-1980x2772.jpg 1980w, https:\/\/www.kunstverhau.de\/wp-content\/uploads\/2025\/03\/die-Schwierigkeit-von-guten-Gedanken-in-schlechten-Zeiten-6-scaled.jpg 1829w\" sizes=\"(max-width: 732px) 100vw, 732px\" \/><\/figure>\n\n\n\n<figure class=\"wp-block-image size-large\"><img decoding=\"async\" width=\"768\" height=\"1024\" data-id=\"6531\" src=\"https:\/\/www.kunstverhau.de\/wp-content\/uploads\/2025\/03\/Verteidigung-3-768x1024.jpg\" alt=\"\" class=\"wp-image-6531\" srcset=\"https:\/\/www.kunstverhau.de\/wp-content\/uploads\/2025\/03\/Verteidigung-3-768x1024.jpg 768w, https:\/\/www.kunstverhau.de\/wp-content\/uploads\/2025\/03\/Verteidigung-3-225x300.jpg 225w, https:\/\/www.kunstverhau.de\/wp-content\/uploads\/2025\/03\/Verteidigung-3-1152x1536.jpg 1152w, https:\/\/www.kunstverhau.de\/wp-content\/uploads\/2025\/03\/Verteidigung-3-1536x2048.jpg 1536w, https:\/\/www.kunstverhau.de\/wp-content\/uploads\/2025\/03\/Verteidigung-3-1200x1600.jpg 1200w, https:\/\/www.kunstverhau.de\/wp-content\/uploads\/2025\/03\/Verteidigung-3-1980x2640.jpg 1980w, https:\/\/www.kunstverhau.de\/wp-content\/uploads\/2025\/03\/Verteidigung-3-scaled.jpg 1920w\" sizes=\"(max-width: 768px) 100vw, 768px\" \/><\/figure>\n\n\n\n<figure class=\"wp-block-image size-large\"><img decoding=\"async\" width=\"740\" height=\"1024\" data-id=\"6530\" src=\"https:\/\/www.kunstverhau.de\/wp-content\/uploads\/2025\/03\/Gedankenexplosion-4-740x1024.jpg\" alt=\"\" class=\"wp-image-6530\" srcset=\"https:\/\/www.kunstverhau.de\/wp-content\/uploads\/2025\/03\/Gedankenexplosion-4-740x1024.jpg 740w, https:\/\/www.kunstverhau.de\/wp-content\/uploads\/2025\/03\/Gedankenexplosion-4-217x300.jpg 217w, https:\/\/www.kunstverhau.de\/wp-content\/uploads\/2025\/03\/Gedankenexplosion-4-768x1063.jpg 768w, https:\/\/www.kunstverhau.de\/wp-content\/uploads\/2025\/03\/Gedankenexplosion-4-1110x1536.jpg 1110w, https:\/\/www.kunstverhau.de\/wp-content\/uploads\/2025\/03\/Gedankenexplosion-4-1480x2048.jpg 1480w, https:\/\/www.kunstverhau.de\/wp-content\/uploads\/2025\/03\/Gedankenexplosion-4-1200x1660.jpg 1200w, https:\/\/www.kunstverhau.de\/wp-content\/uploads\/2025\/03\/Gedankenexplosion-4-1980x2740.jpg 1980w, https:\/\/www.kunstverhau.de\/wp-content\/uploads\/2025\/03\/Gedankenexplosion-4-scaled.jpg 1850w\" sizes=\"(max-width: 740px) 100vw, 740px\" \/><\/figure>\n<\/figure>\n\n\n\n<figure class=\"wp-block-gallery has-nested-images columns-2 is-cropped tw-gutter-large wp-block-gallery-2 is-layout-flex wp-block-gallery-is-layout-flex\">\n<figure class=\"wp-block-image size-large\"><a href=\"https:\/\/www.kunstverhau.de\/wp-content\/uploads\/2023\/04\/20230417_202356-scaled.jpg\"><img loading=\"lazy\" decoding=\"async\" width=\"759\" height=\"1024\" data-id=\"5509\" src=\"https:\/\/www.kunstverhau.de\/wp-content\/uploads\/2023\/04\/20230417_202356-759x1024.jpg\" alt=\"\" class=\"wp-image-5509\" srcset=\"https:\/\/www.kunstverhau.de\/wp-content\/uploads\/2023\/04\/20230417_202356-759x1024.jpg 759w, https:\/\/www.kunstverhau.de\/wp-content\/uploads\/2023\/04\/20230417_202356-222x300.jpg 222w, https:\/\/www.kunstverhau.de\/wp-content\/uploads\/2023\/04\/20230417_202356-768x1036.jpg 768w, https:\/\/www.kunstverhau.de\/wp-content\/uploads\/2023\/04\/20230417_202356-1139x1536.jpg 1139w, https:\/\/www.kunstverhau.de\/wp-content\/uploads\/2023\/04\/20230417_202356-1518x2048.jpg 1518w, https:\/\/www.kunstverhau.de\/wp-content\/uploads\/2023\/04\/20230417_202356-1200x1619.jpg 1200w, https:\/\/www.kunstverhau.de\/wp-content\/uploads\/2023\/04\/20230417_202356-1980x2671.jpg 1980w, https:\/\/www.kunstverhau.de\/wp-content\/uploads\/2023\/04\/20230417_202356-scaled.jpg 1898w\" sizes=\"(max-width: 759px) 100vw, 759px\" \/><\/a><figcaption class=\"wp-element-caption\">&#8222;Wiese&#8220; Acryl (D\u00e9calcomanie), 60&#215;80<\/figcaption><\/figure>\n\n\n\n<figure class=\"wp-block-image size-large\"><a href=\"https:\/\/www.kunstverhau.de\/wp-content\/uploads\/2022\/10\/Rica-Bild02-Portrait02-scaled.jpg\"><img loading=\"lazy\" decoding=\"async\" width=\"745\" height=\"1024\" data-id=\"4810\" src=\"https:\/\/www.kunstverhau.de\/wp-content\/uploads\/2022\/10\/Rica-Bild02-Portrait02-745x1024.jpg\" alt=\"\" class=\"wp-image-4810\" srcset=\"https:\/\/www.kunstverhau.de\/wp-content\/uploads\/2022\/10\/Rica-Bild02-Portrait02-745x1024.jpg 745w, https:\/\/www.kunstverhau.de\/wp-content\/uploads\/2022\/10\/Rica-Bild02-Portrait02-218x300.jpg 218w, https:\/\/www.kunstverhau.de\/wp-content\/uploads\/2022\/10\/Rica-Bild02-Portrait02-768x1056.jpg 768w, https:\/\/www.kunstverhau.de\/wp-content\/uploads\/2022\/10\/Rica-Bild02-Portrait02-1117x1536.jpg 1117w, https:\/\/www.kunstverhau.de\/wp-content\/uploads\/2022\/10\/Rica-Bild02-Portrait02-1490x2048.jpg 1490w, https:\/\/www.kunstverhau.de\/wp-content\/uploads\/2022\/10\/Rica-Bild02-Portrait02-1200x1650.jpg 1200w, https:\/\/www.kunstverhau.de\/wp-content\/uploads\/2022\/10\/Rica-Bild02-Portrait02-scaled.jpg 1862w\" sizes=\"(max-width: 745px) 100vw, 745px\" \/><\/a><figcaption class=\"wp-element-caption\">&#8222;W\u00e4chterin&#8220; Acryl (D\u00e9calcomanie), 60&#215;80<\/figcaption><\/figure>\n\n\n\n<figure class=\"wp-block-image size-large\"><a href=\"https:\/\/www.kunstverhau.de\/wp-content\/uploads\/2022\/12\/20221208_143344-scaled.jpg\"><img loading=\"lazy\" decoding=\"async\" width=\"768\" height=\"1024\" data-id=\"5441\" src=\"https:\/\/www.kunstverhau.de\/wp-content\/uploads\/2022\/12\/20221208_143344-768x1024.jpg\" alt=\"\" class=\"wp-image-5441\" srcset=\"https:\/\/www.kunstverhau.de\/wp-content\/uploads\/2022\/12\/20221208_143344-768x1024.jpg 768w, https:\/\/www.kunstverhau.de\/wp-content\/uploads\/2022\/12\/20221208_143344-225x300.jpg 225w, https:\/\/www.kunstverhau.de\/wp-content\/uploads\/2022\/12\/20221208_143344-1152x1536.jpg 1152w, https:\/\/www.kunstverhau.de\/wp-content\/uploads\/2022\/12\/20221208_143344-1536x2048.jpg 1536w, https:\/\/www.kunstverhau.de\/wp-content\/uploads\/2022\/12\/20221208_143344-1200x1600.jpg 1200w, https:\/\/www.kunstverhau.de\/wp-content\/uploads\/2022\/12\/20221208_143344-1980x2640.jpg 1980w, https:\/\/www.kunstverhau.de\/wp-content\/uploads\/2022\/12\/20221208_143344-scaled.jpg 1920w\" sizes=\"(max-width: 768px) 100vw, 768px\" \/><\/a><figcaption class=\"wp-element-caption\">&#8222;Perlen&#8220; Acryl (D\u00e9calcomanie), 40&#215;60<\/figcaption><\/figure>\n\n\n\n<figure class=\"wp-block-image size-large\"><a href=\"https:\/\/www.kunstverhau.de\/wp-content\/uploads\/2022\/10\/Rica-Bild03.jpg\"><img loading=\"lazy\" decoding=\"async\" width=\"748\" height=\"1024\" data-id=\"4811\" src=\"https:\/\/www.kunstverhau.de\/wp-content\/uploads\/2022\/10\/Rica-Bild03-748x1024.jpg\" alt=\"\" class=\"wp-image-4811\" srcset=\"https:\/\/www.kunstverhau.de\/wp-content\/uploads\/2022\/10\/Rica-Bild03-748x1024.jpg 748w, https:\/\/www.kunstverhau.de\/wp-content\/uploads\/2022\/10\/Rica-Bild03-219x300.jpg 219w, https:\/\/www.kunstverhau.de\/wp-content\/uploads\/2022\/10\/Rica-Bild03-768x1052.jpg 768w, https:\/\/www.kunstverhau.de\/wp-content\/uploads\/2022\/10\/Rica-Bild03-1122x1536.jpg 1122w, https:\/\/www.kunstverhau.de\/wp-content\/uploads\/2022\/10\/Rica-Bild03-1496x2048.jpg 1496w, https:\/\/www.kunstverhau.de\/wp-content\/uploads\/2022\/10\/Rica-Bild03-1200x1643.jpg 1200w, https:\/\/www.kunstverhau.de\/wp-content\/uploads\/2022\/10\/Rica-Bild03.jpg 1754w\" sizes=\"(max-width: 748px) 100vw, 748px\" \/><\/a><figcaption class=\"wp-element-caption\">&#8222;Gedanken&#8220; Acryl (D\u00e9calcomanie), 60&#215;80<\/figcaption><\/figure>\n\n\n\n<figure class=\"wp-block-image size-large tw-width-100\"><a href=\"https:\/\/www.kunstverhau.de\/wp-content\/uploads\/2022\/10\/Rica-Bild05-Fische_in_der_Wiese.jpg\"><img loading=\"lazy\" decoding=\"async\" width=\"1024\" height=\"799\" data-id=\"4813\" src=\"https:\/\/www.kunstverhau.de\/wp-content\/uploads\/2022\/10\/Rica-Bild05-Fische_in_der_Wiese-1024x799.jpg\" alt=\"\" class=\"wp-image-4813\" srcset=\"https:\/\/www.kunstverhau.de\/wp-content\/uploads\/2022\/10\/Rica-Bild05-Fische_in_der_Wiese-1024x799.jpg 1024w, https:\/\/www.kunstverhau.de\/wp-content\/uploads\/2022\/10\/Rica-Bild05-Fische_in_der_Wiese-300x234.jpg 300w, https:\/\/www.kunstverhau.de\/wp-content\/uploads\/2022\/10\/Rica-Bild05-Fische_in_der_Wiese-768x599.jpg 768w, https:\/\/www.kunstverhau.de\/wp-content\/uploads\/2022\/10\/Rica-Bild05-Fische_in_der_Wiese-1536x1198.jpg 1536w, https:\/\/www.kunstverhau.de\/wp-content\/uploads\/2022\/10\/Rica-Bild05-Fische_in_der_Wiese-2048x1597.jpg 2048w, https:\/\/www.kunstverhau.de\/wp-content\/uploads\/2022\/10\/Rica-Bild05-Fische_in_der_Wiese-1200x936.jpg 1200w, https:\/\/www.kunstverhau.de\/wp-content\/uploads\/2022\/10\/Rica-Bild05-Fische_in_der_Wiese-1980x1544.jpg 1980w\" sizes=\"(max-width: 1024px) 100vw, 1024px\" \/><\/a><figcaption class=\"wp-element-caption\">&#8222;Wenn Dinge nicht so sind, wie sie sein sollen&#8220; Acryl , 80&#215;60<\/figcaption><\/figure>\n\n\n\n<figure class=\"wp-block-image size-large\"><a href=\"https:\/\/www.kunstverhau.de\/wp-content\/uploads\/2022\/10\/Rica-Bild04.jpg\"><img loading=\"lazy\" decoding=\"async\" width=\"690\" height=\"1024\" data-id=\"4812\" src=\"https:\/\/www.kunstverhau.de\/wp-content\/uploads\/2022\/10\/Rica-Bild04-690x1024.jpg\" alt=\"\" class=\"wp-image-4812\" srcset=\"https:\/\/www.kunstverhau.de\/wp-content\/uploads\/2022\/10\/Rica-Bild04-690x1024.jpg 690w, https:\/\/www.kunstverhau.de\/wp-content\/uploads\/2022\/10\/Rica-Bild04-202x300.jpg 202w, https:\/\/www.kunstverhau.de\/wp-content\/uploads\/2022\/10\/Rica-Bild04-768x1139.jpg 768w, https:\/\/www.kunstverhau.de\/wp-content\/uploads\/2022\/10\/Rica-Bild04-1035x1536.jpg 1035w, https:\/\/www.kunstverhau.de\/wp-content\/uploads\/2022\/10\/Rica-Bild04.jpg 1075w\" sizes=\"(max-width: 690px) 100vw, 690px\" \/><\/a><figcaption class=\"wp-element-caption\">&#8222;Unter Wasser&#8220; Acryl (D\u00e9calcomanie), 40&#215;60<\/figcaption><\/figure>\n\n\n\n<figure class=\"wp-block-image size-large\"><a href=\"https:\/\/www.kunstverhau.de\/wp-content\/uploads\/2022\/10\/Rica-Bild07.jpg\"><img loading=\"lazy\" decoding=\"async\" width=\"1024\" height=\"1017\" data-id=\"4815\" src=\"https:\/\/www.kunstverhau.de\/wp-content\/uploads\/2022\/10\/Rica-Bild07-1024x1017.jpg\" alt=\"\" class=\"wp-image-4815\" srcset=\"https:\/\/www.kunstverhau.de\/wp-content\/uploads\/2022\/10\/Rica-Bild07-1024x1017.jpg 1024w, https:\/\/www.kunstverhau.de\/wp-content\/uploads\/2022\/10\/Rica-Bild07-300x298.jpg 300w, https:\/\/www.kunstverhau.de\/wp-content\/uploads\/2022\/10\/Rica-Bild07-150x150.jpg 150w, https:\/\/www.kunstverhau.de\/wp-content\/uploads\/2022\/10\/Rica-Bild07-768x763.jpg 768w, https:\/\/www.kunstverhau.de\/wp-content\/uploads\/2022\/10\/Rica-Bild07-1536x1526.jpg 1536w, https:\/\/www.kunstverhau.de\/wp-content\/uploads\/2022\/10\/Rica-Bild07-1200x1192.jpg 1200w, https:\/\/www.kunstverhau.de\/wp-content\/uploads\/2022\/10\/Rica-Bild07.jpg 1633w\" sizes=\"(max-width: 1024px) 100vw, 1024px\" \/><\/a><figcaption class=\"wp-element-caption\">&#8222;Aufsteigende Erinnerungen&#8220; Acryl (D\u00e9calcomanie), 50&#215;70<\/figcaption><\/figure>\n\n\n\n<figure class=\"wp-block-image size-large\"><a href=\"https:\/\/www.kunstverhau.de\/wp-content\/uploads\/2022\/10\/Rica-Bild06.jpg\"><img loading=\"lazy\" decoding=\"async\" width=\"1024\" height=\"762\" data-id=\"4814\" src=\"https:\/\/www.kunstverhau.de\/wp-content\/uploads\/2022\/10\/Rica-Bild06-1024x762.jpg\" alt=\"\" class=\"wp-image-4814\" srcset=\"https:\/\/www.kunstverhau.de\/wp-content\/uploads\/2022\/10\/Rica-Bild06-1024x762.jpg 1024w, https:\/\/www.kunstverhau.de\/wp-content\/uploads\/2022\/10\/Rica-Bild06-300x223.jpg 300w, https:\/\/www.kunstverhau.de\/wp-content\/uploads\/2022\/10\/Rica-Bild06-768x571.jpg 768w, https:\/\/www.kunstverhau.de\/wp-content\/uploads\/2022\/10\/Rica-Bild06-1536x1143.jpg 1536w, https:\/\/www.kunstverhau.de\/wp-content\/uploads\/2022\/10\/Rica-Bild06-1200x893.jpg 1200w, https:\/\/www.kunstverhau.de\/wp-content\/uploads\/2022\/10\/Rica-Bild06-1980x1473.jpg 1980w, https:\/\/www.kunstverhau.de\/wp-content\/uploads\/2022\/10\/Rica-Bild06.jpg 2028w\" sizes=\"(max-width: 1024px) 100vw, 1024px\" \/><\/a><figcaption class=\"wp-element-caption\">&#8222;Im Wald&#8220; Acryl (D\u00e9calcomanie), 80&#215;60<\/figcaption><\/figure>\n\n\n\n<figure class=\"wp-block-image size-large\"><img loading=\"lazy\" decoding=\"async\" width=\"732\" height=\"1024\" data-id=\"6522\" src=\"https:\/\/www.kunstverhau.de\/wp-content\/uploads\/2025\/03\/die-Schwierigkeit-von-guten-Gedanken-in-schlechten-Zeiten-2-732x1024.jpg\" alt=\"\" class=\"wp-image-6522\" srcset=\"https:\/\/www.kunstverhau.de\/wp-content\/uploads\/2025\/03\/die-Schwierigkeit-von-guten-Gedanken-in-schlechten-Zeiten-2-732x1024.jpg 732w, https:\/\/www.kunstverhau.de\/wp-content\/uploads\/2025\/03\/die-Schwierigkeit-von-guten-Gedanken-in-schlechten-Zeiten-2-214x300.jpg 214w, https:\/\/www.kunstverhau.de\/wp-content\/uploads\/2025\/03\/die-Schwierigkeit-von-guten-Gedanken-in-schlechten-Zeiten-2-768x1075.jpg 768w, https:\/\/www.kunstverhau.de\/wp-content\/uploads\/2025\/03\/die-Schwierigkeit-von-guten-Gedanken-in-schlechten-Zeiten-2-1097x1536.jpg 1097w, https:\/\/www.kunstverhau.de\/wp-content\/uploads\/2025\/03\/die-Schwierigkeit-von-guten-Gedanken-in-schlechten-Zeiten-2-1463x2048.jpg 1463w, https:\/\/www.kunstverhau.de\/wp-content\/uploads\/2025\/03\/die-Schwierigkeit-von-guten-Gedanken-in-schlechten-Zeiten-2-1200x1680.jpg 1200w, https:\/\/www.kunstverhau.de\/wp-content\/uploads\/2025\/03\/die-Schwierigkeit-von-guten-Gedanken-in-schlechten-Zeiten-2-1980x2772.jpg 1980w, https:\/\/www.kunstverhau.de\/wp-content\/uploads\/2025\/03\/die-Schwierigkeit-von-guten-Gedanken-in-schlechten-Zeiten-2-scaled.jpg 1829w\" sizes=\"(max-width: 732px) 100vw, 732px\" \/><\/figure>\n<\/figure>\n\n\n\n<figure class=\"wp-block-gallery has-nested-images columns-default is-cropped wp-block-gallery-3 is-layout-flex wp-block-gallery-is-layout-flex\">\n<figure class=\"wp-block-image size-large\"><img loading=\"lazy\" decoding=\"async\" width=\"732\" height=\"1024\" data-id=\"6523\" src=\"https:\/\/www.kunstverhau.de\/wp-content\/uploads\/2025\/03\/die-Schwierigkeit-von-guten-Gedanken-in-schlechten-Zeiten-3-732x1024.jpg\" alt=\"\" class=\"wp-image-6523\" srcset=\"https:\/\/www.kunstverhau.de\/wp-content\/uploads\/2025\/03\/die-Schwierigkeit-von-guten-Gedanken-in-schlechten-Zeiten-3-732x1024.jpg 732w, https:\/\/www.kunstverhau.de\/wp-content\/uploads\/2025\/03\/die-Schwierigkeit-von-guten-Gedanken-in-schlechten-Zeiten-3-214x300.jpg 214w, https:\/\/www.kunstverhau.de\/wp-content\/uploads\/2025\/03\/die-Schwierigkeit-von-guten-Gedanken-in-schlechten-Zeiten-3-768x1075.jpg 768w, https:\/\/www.kunstverhau.de\/wp-content\/uploads\/2025\/03\/die-Schwierigkeit-von-guten-Gedanken-in-schlechten-Zeiten-3-1097x1536.jpg 1097w, https:\/\/www.kunstverhau.de\/wp-content\/uploads\/2025\/03\/die-Schwierigkeit-von-guten-Gedanken-in-schlechten-Zeiten-3-1463x2048.jpg 1463w, https:\/\/www.kunstverhau.de\/wp-content\/uploads\/2025\/03\/die-Schwierigkeit-von-guten-Gedanken-in-schlechten-Zeiten-3-1200x1680.jpg 1200w, https:\/\/www.kunstverhau.de\/wp-content\/uploads\/2025\/03\/die-Schwierigkeit-von-guten-Gedanken-in-schlechten-Zeiten-3-1980x2772.jpg 1980w, https:\/\/www.kunstverhau.de\/wp-content\/uploads\/2025\/03\/die-Schwierigkeit-von-guten-Gedanken-in-schlechten-Zeiten-3-scaled.jpg 1829w\" sizes=\"(max-width: 732px) 100vw, 732px\" \/><\/figure>\n\n\n\n<figure class=\"wp-block-image size-large\"><img loading=\"lazy\" decoding=\"async\" width=\"740\" height=\"1024\" data-id=\"6525\" src=\"https:\/\/www.kunstverhau.de\/wp-content\/uploads\/2025\/03\/Gedankenexplosion-2-740x1024.jpg\" alt=\"\" class=\"wp-image-6525\" srcset=\"https:\/\/www.kunstverhau.de\/wp-content\/uploads\/2025\/03\/Gedankenexplosion-2-740x1024.jpg 740w, https:\/\/www.kunstverhau.de\/wp-content\/uploads\/2025\/03\/Gedankenexplosion-2-217x300.jpg 217w, https:\/\/www.kunstverhau.de\/wp-content\/uploads\/2025\/03\/Gedankenexplosion-2-768x1063.jpg 768w, https:\/\/www.kunstverhau.de\/wp-content\/uploads\/2025\/03\/Gedankenexplosion-2-1110x1536.jpg 1110w, https:\/\/www.kunstverhau.de\/wp-content\/uploads\/2025\/03\/Gedankenexplosion-2-1480x2048.jpg 1480w, https:\/\/www.kunstverhau.de\/wp-content\/uploads\/2025\/03\/Gedankenexplosion-2-1200x1660.jpg 1200w, https:\/\/www.kunstverhau.de\/wp-content\/uploads\/2025\/03\/Gedankenexplosion-2-1980x2740.jpg 1980w, https:\/\/www.kunstverhau.de\/wp-content\/uploads\/2025\/03\/Gedankenexplosion-2-scaled.jpg 1850w\" sizes=\"(max-width: 740px) 100vw, 740px\" \/><\/figure>\n\n\n\n<figure class=\"wp-block-image size-large\"><img loading=\"lazy\" decoding=\"async\" width=\"768\" height=\"1024\" data-id=\"6524\" src=\"https:\/\/www.kunstverhau.de\/wp-content\/uploads\/2025\/03\/Verteidigung-2-768x1024.jpg\" alt=\"\" class=\"wp-image-6524\" srcset=\"https:\/\/www.kunstverhau.de\/wp-content\/uploads\/2025\/03\/Verteidigung-2-768x1024.jpg 768w, https:\/\/www.kunstverhau.de\/wp-content\/uploads\/2025\/03\/Verteidigung-2-225x300.jpg 225w, https:\/\/www.kunstverhau.de\/wp-content\/uploads\/2025\/03\/Verteidigung-2-1152x1536.jpg 1152w, https:\/\/www.kunstverhau.de\/wp-content\/uploads\/2025\/03\/Verteidigung-2-1536x2048.jpg 1536w, https:\/\/www.kunstverhau.de\/wp-content\/uploads\/2025\/03\/Verteidigung-2-1200x1600.jpg 1200w, https:\/\/www.kunstverhau.de\/wp-content\/uploads\/2025\/03\/Verteidigung-2-1980x2640.jpg 1980w, https:\/\/www.kunstverhau.de\/wp-content\/uploads\/2025\/03\/Verteidigung-2-scaled.jpg 1920w\" sizes=\"(max-width: 768px) 100vw, 768px\" \/><\/figure>\n<\/figure>\n<\/div><\/div>\n\n\n\n<div class=\"wp-block-group alignfull has-background\" style=\"background-color:#d88572\"><div class=\"wp-block-group__inner-container is-layout-flow wp-block-group-is-layout-flow\">\n<figure class=\"wp-block-gallery has-nested-images columns-4 is-cropped wp-block-gallery-4 is-layout-flex wp-block-gallery-is-layout-flex\">\n<figure class=\"wp-block-image size-large\"><a href=\"https:\/\/www.kunstverhau.de\/wp-content\/uploads\/2022\/10\/Rica-Bild12.jpg\"><img loading=\"lazy\" decoding=\"async\" width=\"406\" height=\"1024\" data-id=\"4820\" src=\"https:\/\/www.kunstverhau.de\/wp-content\/uploads\/2022\/10\/Rica-Bild12-406x1024.jpg\" alt=\"\" class=\"wp-image-4820\" srcset=\"https:\/\/www.kunstverhau.de\/wp-content\/uploads\/2022\/10\/Rica-Bild12-406x1024.jpg 406w, https:\/\/www.kunstverhau.de\/wp-content\/uploads\/2022\/10\/Rica-Bild12-119x300.jpg 119w, https:\/\/www.kunstverhau.de\/wp-content\/uploads\/2022\/10\/Rica-Bild12-768x1939.jpg 768w, https:\/\/www.kunstverhau.de\/wp-content\/uploads\/2022\/10\/Rica-Bild12-811x2048.jpg 811w, https:\/\/www.kunstverhau.de\/wp-content\/uploads\/2022\/10\/Rica-Bild12.jpg 938w\" sizes=\"(max-width: 406px) 100vw, 406px\" \/><\/a><figcaption class=\"wp-element-caption\">&#8222;Ein B\u00fcndnis mit den <\/figcaption><\/figure>\n\n\n\n<figure class=\"wp-block-image size-large\"><a href=\"https:\/\/www.kunstverhau.de\/wp-content\/uploads\/2022\/10\/Rica-Bild13.jpg\"><img loading=\"lazy\" decoding=\"async\" width=\"407\" height=\"1024\" data-id=\"4821\" src=\"https:\/\/www.kunstverhau.de\/wp-content\/uploads\/2022\/10\/Rica-Bild13-407x1024.jpg\" alt=\"\" class=\"wp-image-4821\" srcset=\"https:\/\/www.kunstverhau.de\/wp-content\/uploads\/2022\/10\/Rica-Bild13-407x1024.jpg 407w, https:\/\/www.kunstverhau.de\/wp-content\/uploads\/2022\/10\/Rica-Bild13-119x300.jpg 119w, https:\/\/www.kunstverhau.de\/wp-content\/uploads\/2022\/10\/Rica-Bild13-768x1933.jpg 768w, https:\/\/www.kunstverhau.de\/wp-content\/uploads\/2022\/10\/Rica-Bild13-610x1536.jpg 610w, https:\/\/www.kunstverhau.de\/wp-content\/uploads\/2022\/10\/Rica-Bild13-814x2048.jpg 814w, https:\/\/www.kunstverhau.de\/wp-content\/uploads\/2022\/10\/Rica-Bild13.jpg 944w\" sizes=\"(max-width: 407px) 100vw, 407px\" \/><\/a><figcaption class=\"wp-element-caption\">Farben des Himmels&#8220; <\/figcaption><\/figure>\n\n\n\n<figure class=\"wp-block-image size-large\"><a href=\"https:\/\/www.kunstverhau.de\/wp-content\/uploads\/2022\/10\/Rica-Bild14-scaled.jpg\"><img loading=\"lazy\" decoding=\"async\" width=\"363\" height=\"1024\" data-id=\"4822\" src=\"https:\/\/www.kunstverhau.de\/wp-content\/uploads\/2022\/10\/Rica-Bild14-363x1024.jpg\" alt=\"\" class=\"wp-image-4822\" srcset=\"https:\/\/www.kunstverhau.de\/wp-content\/uploads\/2022\/10\/Rica-Bild14-363x1024.jpg 363w, https:\/\/www.kunstverhau.de\/wp-content\/uploads\/2022\/10\/Rica-Bild14-106x300.jpg 106w, https:\/\/www.kunstverhau.de\/wp-content\/uploads\/2022\/10\/Rica-Bild14-768x2164.jpg 768w, https:\/\/www.kunstverhau.de\/wp-content\/uploads\/2022\/10\/Rica-Bild14-545x1536.jpg 545w, https:\/\/www.kunstverhau.de\/wp-content\/uploads\/2022\/10\/Rica-Bild14-727x2048.jpg 727w\" sizes=\"(max-width: 363px) 100vw, 363px\" \/><\/a><figcaption class=\"wp-element-caption\">Acryl (D\u00e9calcomanie), <\/figcaption><\/figure>\n\n\n\n<figure class=\"wp-block-image size-large\"><a href=\"https:\/\/www.kunstverhau.de\/wp-content\/uploads\/2022\/10\/Rica-Bild15-scaled.jpg\"><img loading=\"lazy\" decoding=\"async\" width=\"407\" height=\"1024\" data-id=\"4823\" src=\"https:\/\/www.kunstverhau.de\/wp-content\/uploads\/2022\/10\/Rica-Bild15-407x1024.jpg\" alt=\"\" class=\"wp-image-4823\" srcset=\"https:\/\/www.kunstverhau.de\/wp-content\/uploads\/2022\/10\/Rica-Bild15-407x1024.jpg 407w, https:\/\/www.kunstverhau.de\/wp-content\/uploads\/2022\/10\/Rica-Bild15-119x300.jpg 119w, https:\/\/www.kunstverhau.de\/wp-content\/uploads\/2022\/10\/Rica-Bild15-768x1930.jpg 768w, https:\/\/www.kunstverhau.de\/wp-content\/uploads\/2022\/10\/Rica-Bild15-611x1536.jpg 611w, https:\/\/www.kunstverhau.de\/wp-content\/uploads\/2022\/10\/Rica-Bild15-815x2048.jpg 815w\" sizes=\"(max-width: 407px) 100vw, 407px\" \/><\/a><figcaption class=\"wp-element-caption\">4x 20&#215;50<\/figcaption><\/figure>\n<\/figure>\n\n\n\n<p class=\"has-subtle-background-color has-text-color wp-block-paragraph\"><\/p>\n\n\n\n<figure class=\"wp-block-image size-large\"><img loading=\"lazy\" decoding=\"async\" width=\"1024\" height=\"732\" src=\"https:\/\/www.kunstverhau.de\/wp-content\/uploads\/2022\/10\/Rica-Bild16-Fruechte-1024x732.jpg\" alt=\"\" class=\"wp-image-4824\" srcset=\"https:\/\/www.kunstverhau.de\/wp-content\/uploads\/2022\/10\/Rica-Bild16-Fruechte-1024x732.jpg 1024w, https:\/\/www.kunstverhau.de\/wp-content\/uploads\/2022\/10\/Rica-Bild16-Fruechte-300x214.jpg 300w, https:\/\/www.kunstverhau.de\/wp-content\/uploads\/2022\/10\/Rica-Bild16-Fruechte-768x549.jpg 768w, https:\/\/www.kunstverhau.de\/wp-content\/uploads\/2022\/10\/Rica-Bild16-Fruechte-1536x1098.jpg 1536w, https:\/\/www.kunstverhau.de\/wp-content\/uploads\/2022\/10\/Rica-Bild16-Fruechte-2048x1464.jpg 2048w, https:\/\/www.kunstverhau.de\/wp-content\/uploads\/2022\/10\/Rica-Bild16-Fruechte-1200x858.jpg 1200w, https:\/\/www.kunstverhau.de\/wp-content\/uploads\/2022\/10\/Rica-Bild16-Fruechte-1980x1416.jpg 1980w\" sizes=\"(max-width: 1024px) 100vw, 1024px\" \/><figcaption class=\"wp-element-caption\">&#8222;Beeren im Winter&#8220; Acryl, 60&#215;80<\/figcaption><\/figure>\n\n\n\n<figure class=\"wp-block-gallery has-nested-images columns-default is-cropped wp-block-gallery-5 is-layout-flex wp-block-gallery-is-layout-flex\"><\/figure>\n<\/div><\/div>\n\n\n\n<div class=\"wp-block-group\"><div class=\"wp-block-group__inner-container is-layout-flow wp-block-group-is-layout-flow\">\n<div class=\"wp-block-group\"><div class=\"wp-block-group__inner-container is-layout-flow wp-block-group-is-layout-flow\">\n<figure class=\"wp-block-gallery has-nested-images columns-default is-cropped wp-block-gallery-6 is-layout-flex wp-block-gallery-is-layout-flex\"><\/figure>\n<\/div><\/div>\n<\/div><\/div>\n\n\n\n<p class=\"wp-block-paragraph\"><\/p>\n","protected":false},"excerpt":{"rendered":"<p>Bilder D\u00e9calcomanie D\u00e9calcomanie ist eine k\u00fcnstlerische Technik des Farbabzuges oder des Farbabklatsches. Es ist ein Zufallsverfahren, das in einfacherer Form auch in der Kunsttherapie oder in der Arbeit mit Kindern angewandt wird. Man kann nicht wirklich steuern, was letztlich auf dem Blatt zu sehen ist, doch man kann beim Betrachten in den entstandenen oft bizarren&hellip;<\/p>\n","protected":false},"author":5,"featured_media":0,"parent":26,"menu_order":0,"comment_status":"closed","ping_status":"closed","template":"tw-no-title.php","meta":{"_crdt_document":"","footnotes":""},"class_list":["post-254","page","type-page","status-publish","hentry"],"aioseo_notices":[],"featured_image_src":null,"featured_image_src_square":null,"_links":{"self":[{"href":"https:\/\/www.kunstverhau.de\/index.php?rest_route=\/wp\/v2\/pages\/254","targetHints":{"allow":["GET"]}}],"collection":[{"href":"https:\/\/www.kunstverhau.de\/index.php?rest_route=\/wp\/v2\/pages"}],"about":[{"href":"https:\/\/www.kunstverhau.de\/index.php?rest_route=\/wp\/v2\/types\/page"}],"author":[{"embeddable":true,"href":"https:\/\/www.kunstverhau.de\/index.php?rest_route=\/wp\/v2\/users\/5"}],"replies":[{"embeddable":true,"href":"https:\/\/www.kunstverhau.de\/index.php?rest_route=%2Fwp%2Fv2%2Fcomments&post=254"}],"version-history":[{"count":44,"href":"https:\/\/www.kunstverhau.de\/index.php?rest_route=\/wp\/v2\/pages\/254\/revisions"}],"predecessor-version":[{"id":6532,"href":"https:\/\/www.kunstverhau.de\/index.php?rest_route=\/wp\/v2\/pages\/254\/revisions\/6532"}],"up":[{"embeddable":true,"href":"https:\/\/www.kunstverhau.de\/index.php?rest_route=\/wp\/v2\/pages\/26"}],"wp:attachment":[{"href":"https:\/\/www.kunstverhau.de\/index.php?rest_route=%2Fwp%2Fv2%2Fmedia&parent=254"}],"curies":[{"name":"wp","href":"https:\/\/api.w.org\/{rel}","templated":true}]}}