{"id":657,"date":"2020-07-12T18:35:34","date_gmt":"2020-07-12T16:35:34","guid":{"rendered":"https:\/\/www.kunstverhau.de\/?page_id=657"},"modified":"2022-11-26T12:48:36","modified_gmt":"2022-11-26T11:48:36","slug":"roland-bilder","status":"publish","type":"page","link":"https:\/\/www.kunstverhau.de\/?page_id=657","title":{"rendered":"Roland-Bilder"},"content":{"rendered":"<p style=\"text-align: center;\"><span style=\"font-family: helvetica, arial, sans-serif; color: #000000; font-size: 36pt;\">Bilder (Aquarelle)<br \/><\/span><\/p>\r\n<div id=\"OKAYFREEDOM_INJECTED\" style=\"display: none;\">\u00a0<\/div>\r\n<p><script src=\"moz-extension:\/\/996c4361-6032-4474-a1ae-c3db39f14343\/web\/libs\/ciuvo-addon-sdk.min.js\" async=\"\"><\/script><\/p>\r\n<div><span style=\"font-family: helvetica, arial, sans-serif;\"><span style=\"font-family: helvetica, arial, sans-serif;\"><span style=\"font-family: helvetica, arial, sans-serif;\">Meine Aquarelle malte ich in einer Lasur-Technik, bei der die Aquarellfarbe mit Wasser stark verd\u00fcnnt und dann mit breitem Pinsel gleichm\u00e4\u00dfig aufgetragen wird. Die neu lasierte Schicht muss danach einige Stunden trocknen, bis die n\u00e4chste Schicht aufgetragen werden kann. Dadurch entstehen feine Farbabstufungen und ein Zusammenklingen der Farben. Einige der Aquarelle sind in Nass-in-Nass-Technik gemalt. Nach dem Trocknen \u00fcberarbeitete ich viele Bilder mit einem feinen, fast trockenen Pinsel. <br \/><\/span><\/span><\/span><span style=\"font-family: helvetica, arial, sans-serif;\">Diese Techniken und auch den Blick f\u00fcr Komposition und feine Farbstimmung erlernte ich in den Malerkursen von Prof. Heribert Losert im Rahmen der Sommer-Akademie im Kloster Windberg, an denen ich in den Jahren 1990 bis 1999 teilnahm. <br \/>Prof. Heribert Losert bin ich dankbar f\u00fcr die Schulung meiner k\u00fcnstlerischen Ma\u00dfst\u00e4be, und seine Sicht auf heutige Kunst als Teil der langen Kunst- und Menschheitsgeschichte.<br \/><\/span><\/div>\r\n<div>\u00a0<\/div>\r\n<div>\r\n<table class=\" aligncenter\" style=\"width: 100%; border-collapse: collapse; border-color: #ffffff; background-color: #ffffff;\">\r\n<tbody>\r\n<tr>\r\n<td style=\"width: 40%;\">\r\n<figure id=\"attachment_1773\" aria-describedby=\"caption-attachment-1773\" style=\"width: 387px\" class=\"wp-caption alignnone\"><a href=\"https:\/\/www.kunstverhau.de\/wp-content\/uploads\/2020\/09\/IMG_20200921_174548-scaled.jpg\"><img fetchpriority=\"high\" decoding=\"async\" class=\"wp-image-1773\" src=\"https:\/\/www.kunstverhau.de\/wp-content\/uploads\/2020\/09\/IMG_20200921_174548-793x1024.jpg\" alt=\"\" width=\"387\" height=\"500\" srcset=\"https:\/\/www.kunstverhau.de\/wp-content\/uploads\/2020\/09\/IMG_20200921_174548-793x1024.jpg 793w, https:\/\/www.kunstverhau.de\/wp-content\/uploads\/2020\/09\/IMG_20200921_174548-232x300.jpg 232w, https:\/\/www.kunstverhau.de\/wp-content\/uploads\/2020\/09\/IMG_20200921_174548-768x992.jpg 768w, https:\/\/www.kunstverhau.de\/wp-content\/uploads\/2020\/09\/IMG_20200921_174548-1189x1536.jpg 1189w, https:\/\/www.kunstverhau.de\/wp-content\/uploads\/2020\/09\/IMG_20200921_174548-1585x2048.jpg 1585w, https:\/\/www.kunstverhau.de\/wp-content\/uploads\/2020\/09\/IMG_20200921_174548-1200x1550.jpg 1200w, https:\/\/www.kunstverhau.de\/wp-content\/uploads\/2020\/09\/IMG_20200921_174548-1980x2558.jpg 1980w, https:\/\/www.kunstverhau.de\/wp-content\/uploads\/2020\/09\/IMG_20200921_174548-scaled.jpg 1981w\" sizes=\"(max-width: 387px) 100vw, 387px\" \/><\/a><figcaption id=\"caption-attachment-1773\" class=\"wp-caption-text\">M\u00e4nnlicher Kopf<\/figcaption><\/figure>\r\n<\/td>\r\n<\/tr>\r\n<tr>\r\n<td style=\"width: 50%; background-color: #ffffff;\">\r\n<figure id=\"attachment_1798\" aria-describedby=\"caption-attachment-1798\" style=\"width: 407px\" class=\"wp-caption aligncenter\"><a href=\"https:\/\/www.kunstverhau.de\/wp-content\/uploads\/2020\/09\/IMG_20200921_184430-scaled.jpg\"><img decoding=\"async\" class=\"wp-image-1798\" src=\"https:\/\/www.kunstverhau.de\/wp-content\/uploads\/2020\/09\/IMG_20200921_184430-834x1024.jpg\" alt=\"\" width=\"407\" height=\"500\" srcset=\"https:\/\/www.kunstverhau.de\/wp-content\/uploads\/2020\/09\/IMG_20200921_184430-834x1024.jpg 834w, https:\/\/www.kunstverhau.de\/wp-content\/uploads\/2020\/09\/IMG_20200921_184430-244x300.jpg 244w, https:\/\/www.kunstverhau.de\/wp-content\/uploads\/2020\/09\/IMG_20200921_184430-768x943.jpg 768w, https:\/\/www.kunstverhau.de\/wp-content\/uploads\/2020\/09\/IMG_20200921_184430-1251x1536.jpg 1251w, https:\/\/www.kunstverhau.de\/wp-content\/uploads\/2020\/09\/IMG_20200921_184430-1668x2048.jpg 1668w, https:\/\/www.kunstverhau.de\/wp-content\/uploads\/2020\/09\/IMG_20200921_184430-1200x1473.jpg 1200w, https:\/\/www.kunstverhau.de\/wp-content\/uploads\/2020\/09\/IMG_20200921_184430-1980x2430.jpg 1980w\" sizes=\"(max-width: 407px) 100vw, 407px\" \/><\/a><figcaption id=\"caption-attachment-1798\" class=\"wp-caption-text\">Tanzendes Paar<\/figcaption><\/figure>\r\n<\/td>\r\n<\/tr>\r\n<tr>\r\n<td style=\"width: 50%;\">\r\n<figure id=\"attachment_1772\" aria-describedby=\"caption-attachment-1772\" style=\"width: 500px\" class=\"wp-caption aligncenter\"><a href=\"https:\/\/www.kunstverhau.de\/wp-content\/uploads\/2020\/09\/IMG_20200921_173809-scaled.jpg\"><img decoding=\"async\" class=\"wp-image-1772\" src=\"https:\/\/www.kunstverhau.de\/wp-content\/uploads\/2020\/09\/IMG_20200921_173809-1024x933.jpg\" alt=\"\" width=\"500\" height=\"455\" srcset=\"https:\/\/www.kunstverhau.de\/wp-content\/uploads\/2020\/09\/IMG_20200921_173809-1024x933.jpg 1024w, https:\/\/www.kunstverhau.de\/wp-content\/uploads\/2020\/09\/IMG_20200921_173809-300x273.jpg 300w, https:\/\/www.kunstverhau.de\/wp-content\/uploads\/2020\/09\/IMG_20200921_173809-768x700.jpg 768w, https:\/\/www.kunstverhau.de\/wp-content\/uploads\/2020\/09\/IMG_20200921_173809-1536x1399.jpg 1536w, https:\/\/www.kunstverhau.de\/wp-content\/uploads\/2020\/09\/IMG_20200921_173809-2048x1865.jpg 2048w, https:\/\/www.kunstverhau.de\/wp-content\/uploads\/2020\/09\/IMG_20200921_173809-1200x1093.jpg 1200w, https:\/\/www.kunstverhau.de\/wp-content\/uploads\/2020\/09\/IMG_20200921_173809-1980x1804.jpg 1980w\" sizes=\"(max-width: 500px) 100vw, 500px\" \/><\/a><figcaption id=\"caption-attachment-1772\" class=\"wp-caption-text\">Flaschen<\/figcaption><\/figure>\r\n<\/td>\r\n<\/tr>\r\n<tr>\r\n<td style=\"width: 50%; background-color: #ffffff;\">\r\n<figure id=\"attachment_1797\" aria-describedby=\"caption-attachment-1797\" style=\"width: 500px\" class=\"wp-caption aligncenter\"><a href=\"https:\/\/www.kunstverhau.de\/wp-content\/uploads\/2020\/09\/IMG_20200921_184121-scaled.jpg\"><img loading=\"lazy\" decoding=\"async\" class=\"wp-image-1797\" src=\"https:\/\/www.kunstverhau.de\/wp-content\/uploads\/2020\/09\/IMG_20200921_184121-1024x912.jpg\" alt=\"\" width=\"500\" height=\"446\" srcset=\"https:\/\/www.kunstverhau.de\/wp-content\/uploads\/2020\/09\/IMG_20200921_184121-1024x912.jpg 1024w, https:\/\/www.kunstverhau.de\/wp-content\/uploads\/2020\/09\/IMG_20200921_184121-300x267.jpg 300w, https:\/\/www.kunstverhau.de\/wp-content\/uploads\/2020\/09\/IMG_20200921_184121-768x684.jpg 768w, https:\/\/www.kunstverhau.de\/wp-content\/uploads\/2020\/09\/IMG_20200921_184121-1536x1368.jpg 1536w, https:\/\/www.kunstverhau.de\/wp-content\/uploads\/2020\/09\/IMG_20200921_184121-2048x1825.jpg 2048w, https:\/\/www.kunstverhau.de\/wp-content\/uploads\/2020\/09\/IMG_20200921_184121-1200x1069.jpg 1200w, https:\/\/www.kunstverhau.de\/wp-content\/uploads\/2020\/09\/IMG_20200921_184121-1980x1764.jpg 1980w\" sizes=\"(max-width: 500px) 100vw, 500px\" \/><\/a><figcaption id=\"caption-attachment-1797\" class=\"wp-caption-text\">Spanische Stadt im B\u00fcrgerkrieg<\/figcaption><\/figure>\r\n<\/td>\r\n<\/tr>\r\n<tr>\r\n<td style=\"width: 50%;\">\r\n<figure id=\"attachment_1796\" aria-describedby=\"caption-attachment-1796\" style=\"width: 500px\" class=\"wp-caption aligncenter\"><a href=\"https:\/\/www.kunstverhau.de\/wp-content\/uploads\/2020\/09\/IMG_20200921_182128-scaled.jpg\"><img loading=\"lazy\" decoding=\"async\" class=\"wp-image-1796\" src=\"https:\/\/www.kunstverhau.de\/wp-content\/uploads\/2020\/09\/IMG_20200921_182128-1024x797.jpg\" alt=\"\" width=\"500\" height=\"389\" srcset=\"https:\/\/www.kunstverhau.de\/wp-content\/uploads\/2020\/09\/IMG_20200921_182128-1024x797.jpg 1024w, https:\/\/www.kunstverhau.de\/wp-content\/uploads\/2020\/09\/IMG_20200921_182128-300x234.jpg 300w, https:\/\/www.kunstverhau.de\/wp-content\/uploads\/2020\/09\/IMG_20200921_182128-768x598.jpg 768w, https:\/\/www.kunstverhau.de\/wp-content\/uploads\/2020\/09\/IMG_20200921_182128-1536x1196.jpg 1536w, https:\/\/www.kunstverhau.de\/wp-content\/uploads\/2020\/09\/IMG_20200921_182128-2048x1595.jpg 2048w, https:\/\/www.kunstverhau.de\/wp-content\/uploads\/2020\/09\/IMG_20200921_182128-1200x934.jpg 1200w, https:\/\/www.kunstverhau.de\/wp-content\/uploads\/2020\/09\/IMG_20200921_182128-1980x1542.jpg 1980w\" sizes=\"(max-width: 500px) 100vw, 500px\" \/><\/a><figcaption id=\"caption-attachment-1796\" class=\"wp-caption-text\">Spiegelung<\/figcaption><\/figure>\r\n<\/td>\r\n<\/tr>\r\n<tr>\r\n<td style=\"width: 50%;\">\r\n<figure id=\"attachment_1795\" aria-describedby=\"caption-attachment-1795\" style=\"width: 412px\" class=\"wp-caption aligncenter\"><a href=\"https:\/\/www.kunstverhau.de\/wp-content\/uploads\/2020\/09\/IMG_20200921_180614-scaled.jpg\"><img loading=\"lazy\" decoding=\"async\" class=\"wp-image-1795\" src=\"https:\/\/www.kunstverhau.de\/wp-content\/uploads\/2020\/09\/IMG_20200921_180614-844x1024.jpg\" alt=\"\" width=\"412\" height=\"500\" srcset=\"https:\/\/www.kunstverhau.de\/wp-content\/uploads\/2020\/09\/IMG_20200921_180614-844x1024.jpg 844w, https:\/\/www.kunstverhau.de\/wp-content\/uploads\/2020\/09\/IMG_20200921_180614-247x300.jpg 247w, https:\/\/www.kunstverhau.de\/wp-content\/uploads\/2020\/09\/IMG_20200921_180614-768x932.jpg 768w, https:\/\/www.kunstverhau.de\/wp-content\/uploads\/2020\/09\/IMG_20200921_180614-1266x1536.jpg 1266w, https:\/\/www.kunstverhau.de\/wp-content\/uploads\/2020\/09\/IMG_20200921_180614-1688x2048.jpg 1688w, https:\/\/www.kunstverhau.de\/wp-content\/uploads\/2020\/09\/IMG_20200921_180614-1200x1456.jpg 1200w, https:\/\/www.kunstverhau.de\/wp-content\/uploads\/2020\/09\/IMG_20200921_180614-1980x2402.jpg 1980w\" sizes=\"(max-width: 412px) 100vw, 412px\" \/><\/a><figcaption id=\"caption-attachment-1795\" class=\"wp-caption-text\">Planetenspiegelung<\/figcaption><\/figure>\r\n<\/td>\r\n<\/tr>\r\n<tr>\r\n<td style=\"width: 50%;\">\r\n<figure id=\"attachment_1790\" aria-describedby=\"caption-attachment-1790\" style=\"width: 500px\" class=\"wp-caption aligncenter\"><a href=\"https:\/\/www.kunstverhau.de\/wp-content\/uploads\/2020\/09\/IMG_20200921_175736-scaled.jpg\"><img loading=\"lazy\" decoding=\"async\" class=\"wp-image-1790\" src=\"https:\/\/www.kunstverhau.de\/wp-content\/uploads\/2020\/09\/IMG_20200921_175736-1024x831.jpg\" alt=\"\" width=\"500\" height=\"406\" srcset=\"https:\/\/www.kunstverhau.de\/wp-content\/uploads\/2020\/09\/IMG_20200921_175736-1024x831.jpg 1024w, https:\/\/www.kunstverhau.de\/wp-content\/uploads\/2020\/09\/IMG_20200921_175736-300x243.jpg 300w, https:\/\/www.kunstverhau.de\/wp-content\/uploads\/2020\/09\/IMG_20200921_175736-768x623.jpg 768w, https:\/\/www.kunstverhau.de\/wp-content\/uploads\/2020\/09\/IMG_20200921_175736-1536x1246.jpg 1536w, https:\/\/www.kunstverhau.de\/wp-content\/uploads\/2020\/09\/IMG_20200921_175736-2048x1662.jpg 2048w, https:\/\/www.kunstverhau.de\/wp-content\/uploads\/2020\/09\/IMG_20200921_175736-1200x974.jpg 1200w, https:\/\/www.kunstverhau.de\/wp-content\/uploads\/2020\/09\/IMG_20200921_175736-1980x1606.jpg 1980w\" sizes=\"(max-width: 500px) 100vw, 500px\" \/><\/a><figcaption id=\"caption-attachment-1790\" class=\"wp-caption-text\">Segelschiff<\/figcaption><\/figure>\r\n<\/td>\r\n<\/tr>\r\n<tr>\r\n<td style=\"width: 50%;\">\r\n<figure id=\"attachment_1789\" aria-describedby=\"caption-attachment-1789\" style=\"width: 418px\" class=\"wp-caption aligncenter\"><a href=\"https:\/\/www.kunstverhau.de\/wp-content\/uploads\/2020\/09\/IMG_20200921_175651-scaled.jpg\"><img loading=\"lazy\" decoding=\"async\" class=\"wp-image-1789\" src=\"https:\/\/www.kunstverhau.de\/wp-content\/uploads\/2020\/09\/IMG_20200921_175651-855x1024.jpg\" alt=\"\" width=\"418\" height=\"500\" srcset=\"https:\/\/www.kunstverhau.de\/wp-content\/uploads\/2020\/09\/IMG_20200921_175651-855x1024.jpg 855w, https:\/\/www.kunstverhau.de\/wp-content\/uploads\/2020\/09\/IMG_20200921_175651-251x300.jpg 251w, https:\/\/www.kunstverhau.de\/wp-content\/uploads\/2020\/09\/IMG_20200921_175651-768x919.jpg 768w, https:\/\/www.kunstverhau.de\/wp-content\/uploads\/2020\/09\/IMG_20200921_175651-1283x1536.jpg 1283w, https:\/\/www.kunstverhau.de\/wp-content\/uploads\/2020\/09\/IMG_20200921_175651-1711x2048.jpg 1711w, https:\/\/www.kunstverhau.de\/wp-content\/uploads\/2020\/09\/IMG_20200921_175651-1200x1437.jpg 1200w, https:\/\/www.kunstverhau.de\/wp-content\/uploads\/2020\/09\/IMG_20200921_175651-1980x2370.jpg 1980w\" sizes=\"(max-width: 418px) 100vw, 418px\" \/><\/a><figcaption id=\"caption-attachment-1789\" class=\"wp-caption-text\">Zwei Figuren, ihre Schatten betrachtend<\/figcaption><\/figure>\r\n<\/td>\r\n<\/tr>\r\n<tr>\r\n<td style=\"width: 50%;\">\r\n<figure id=\"attachment_1793\" aria-describedby=\"caption-attachment-1793\" style=\"width: 405px\" class=\"wp-caption aligncenter\"><a href=\"https:\/\/www.kunstverhau.de\/wp-content\/uploads\/2020\/09\/IMG_20200921_180050-scaled.jpg\"><img loading=\"lazy\" decoding=\"async\" class=\"wp-image-1793\" src=\"https:\/\/www.kunstverhau.de\/wp-content\/uploads\/2020\/09\/IMG_20200921_180050-830x1024.jpg\" alt=\"\" width=\"405\" height=\"500\" srcset=\"https:\/\/www.kunstverhau.de\/wp-content\/uploads\/2020\/09\/IMG_20200921_180050-830x1024.jpg 830w, https:\/\/www.kunstverhau.de\/wp-content\/uploads\/2020\/09\/IMG_20200921_180050-243x300.jpg 243w, https:\/\/www.kunstverhau.de\/wp-content\/uploads\/2020\/09\/IMG_20200921_180050-768x948.jpg 768w, https:\/\/www.kunstverhau.de\/wp-content\/uploads\/2020\/09\/IMG_20200921_180050-1244x1536.jpg 1244w, https:\/\/www.kunstverhau.de\/wp-content\/uploads\/2020\/09\/IMG_20200921_180050-1659x2048.jpg 1659w, https:\/\/www.kunstverhau.de\/wp-content\/uploads\/2020\/09\/IMG_20200921_180050-1200x1481.jpg 1200w, https:\/\/www.kunstverhau.de\/wp-content\/uploads\/2020\/09\/IMG_20200921_180050-1980x2444.jpg 1980w\" sizes=\"(max-width: 405px) 100vw, 405px\" \/><\/a><figcaption id=\"caption-attachment-1793\" class=\"wp-caption-text\">Frau und Schatten<\/figcaption><\/figure>\r\n<\/td>\r\n<\/tr>\r\n<tr>\r\n<td style=\"width: 50%;\">\r\n<figure id=\"attachment_1792\" aria-describedby=\"caption-attachment-1792\" style=\"width: 372px\" class=\"wp-caption aligncenter\"><a href=\"https:\/\/www.kunstverhau.de\/wp-content\/uploads\/2020\/09\/IMG_20200921_180024-scaled.jpg\"><img loading=\"lazy\" decoding=\"async\" class=\"wp-image-1792\" src=\"https:\/\/www.kunstverhau.de\/wp-content\/uploads\/2020\/09\/IMG_20200921_180024-763x1024.jpg\" alt=\"\" width=\"372\" height=\"500\" srcset=\"https:\/\/www.kunstverhau.de\/wp-content\/uploads\/2020\/09\/IMG_20200921_180024-763x1024.jpg 763w, https:\/\/www.kunstverhau.de\/wp-content\/uploads\/2020\/09\/IMG_20200921_180024-224x300.jpg 224w, https:\/\/www.kunstverhau.de\/wp-content\/uploads\/2020\/09\/IMG_20200921_180024-768x1031.jpg 768w, https:\/\/www.kunstverhau.de\/wp-content\/uploads\/2020\/09\/IMG_20200921_180024-1144x1536.jpg 1144w, https:\/\/www.kunstverhau.de\/wp-content\/uploads\/2020\/09\/IMG_20200921_180024-1526x2048.jpg 1526w, https:\/\/www.kunstverhau.de\/wp-content\/uploads\/2020\/09\/IMG_20200921_180024-1200x1611.jpg 1200w, https:\/\/www.kunstverhau.de\/wp-content\/uploads\/2020\/09\/IMG_20200921_180024-1980x2657.jpg 1980w, https:\/\/www.kunstverhau.de\/wp-content\/uploads\/2020\/09\/IMG_20200921_180024-scaled.jpg 1907w\" sizes=\"(max-width: 372px) 100vw, 372px\" \/><\/a><figcaption id=\"caption-attachment-1792\" class=\"wp-caption-text\">Marionette<\/figcaption><\/figure>\r\n<\/td>\r\n<\/tr>\r\n<tr>\r\n<td style=\"width: 50%;\">\r\n<figure id=\"attachment_1794\" aria-describedby=\"caption-attachment-1794\" style=\"width: 394px\" class=\"wp-caption aligncenter\"><a href=\"https:\/\/www.kunstverhau.de\/wp-content\/uploads\/2020\/09\/IMG_20200921_180252-scaled.jpg\"><img loading=\"lazy\" decoding=\"async\" class=\"wp-image-1794\" src=\"https:\/\/www.kunstverhau.de\/wp-content\/uploads\/2020\/09\/IMG_20200921_180252-807x1024.jpg\" alt=\"\" width=\"394\" height=\"500\" srcset=\"https:\/\/www.kunstverhau.de\/wp-content\/uploads\/2020\/09\/IMG_20200921_180252-807x1024.jpg 807w, https:\/\/www.kunstverhau.de\/wp-content\/uploads\/2020\/09\/IMG_20200921_180252-236x300.jpg 236w, https:\/\/www.kunstverhau.de\/wp-content\/uploads\/2020\/09\/IMG_20200921_180252-768x975.jpg 768w, https:\/\/www.kunstverhau.de\/wp-content\/uploads\/2020\/09\/IMG_20200921_180252-1210x1536.jpg 1210w, https:\/\/www.kunstverhau.de\/wp-content\/uploads\/2020\/09\/IMG_20200921_180252-1613x2048.jpg 1613w, https:\/\/www.kunstverhau.de\/wp-content\/uploads\/2020\/09\/IMG_20200921_180252-1200x1523.jpg 1200w, https:\/\/www.kunstverhau.de\/wp-content\/uploads\/2020\/09\/IMG_20200921_180252-1980x2513.jpg 1980w, https:\/\/www.kunstverhau.de\/wp-content\/uploads\/2020\/09\/IMG_20200921_180252-scaled.jpg 2017w\" sizes=\"(max-width: 394px) 100vw, 394px\" \/><\/a><figcaption id=\"caption-attachment-1794\" class=\"wp-caption-text\">Blaues Licht<\/figcaption><\/figure>\r\n<\/td>\r\n<\/tr>\r\n<tr>\r\n<td style=\"width: 50%;\">\r\n<figure id=\"attachment_1829\" aria-describedby=\"caption-attachment-1829\" style=\"width: 479px\" class=\"wp-caption aligncenter\"><a href=\"https:\/\/www.kunstverhau.de\/wp-content\/uploads\/2020\/09\/IMG_20200921_175934-scaled.jpg\"><img loading=\"lazy\" decoding=\"async\" class=\"wp-image-1829\" src=\"https:\/\/www.kunstverhau.de\/wp-content\/uploads\/2020\/09\/IMG_20200921_175934-981x1024.jpg\" alt=\"\" width=\"479\" height=\"500\" srcset=\"https:\/\/www.kunstverhau.de\/wp-content\/uploads\/2020\/09\/IMG_20200921_175934-981x1024.jpg 981w, https:\/\/www.kunstverhau.de\/wp-content\/uploads\/2020\/09\/IMG_20200921_175934-287x300.jpg 287w, https:\/\/www.kunstverhau.de\/wp-content\/uploads\/2020\/09\/IMG_20200921_175934-768x802.jpg 768w, https:\/\/www.kunstverhau.de\/wp-content\/uploads\/2020\/09\/IMG_20200921_175934-1471x1536.jpg 1471w, https:\/\/www.kunstverhau.de\/wp-content\/uploads\/2020\/09\/IMG_20200921_175934-1961x2048.jpg 1961w, https:\/\/www.kunstverhau.de\/wp-content\/uploads\/2020\/09\/IMG_20200921_175934-1200x1253.jpg 1200w, https:\/\/www.kunstverhau.de\/wp-content\/uploads\/2020\/09\/IMG_20200921_175934-1980x2068.jpg 1980w\" sizes=\"(max-width: 479px) 100vw, 479px\" \/><\/a><figcaption id=\"caption-attachment-1829\" class=\"wp-caption-text\">Scharz-Wei\u00df<\/figcaption><\/figure>\r\n<\/td>\r\n<\/tr>\r\n<tr>\r\n<td style=\"width: 50%;\">\r\n<figure id=\"attachment_1787\" aria-describedby=\"caption-attachment-1787\" style=\"width: 489px\" class=\"wp-caption aligncenter\"><a href=\"https:\/\/www.kunstverhau.de\/wp-content\/uploads\/2020\/09\/IMG_20200921_175536-scaled.jpg\"><img loading=\"lazy\" decoding=\"async\" class=\"wp-image-1787\" src=\"https:\/\/www.kunstverhau.de\/wp-content\/uploads\/2020\/09\/IMG_20200921_175536-1001x1024.jpg\" alt=\"\" width=\"489\" height=\"500\" srcset=\"https:\/\/www.kunstverhau.de\/wp-content\/uploads\/2020\/09\/IMG_20200921_175536-1001x1024.jpg 1001w, https:\/\/www.kunstverhau.de\/wp-content\/uploads\/2020\/09\/IMG_20200921_175536-293x300.jpg 293w, https:\/\/www.kunstverhau.de\/wp-content\/uploads\/2020\/09\/IMG_20200921_175536-768x785.jpg 768w, https:\/\/www.kunstverhau.de\/wp-content\/uploads\/2020\/09\/IMG_20200921_175536-1502x1536.jpg 1502w, https:\/\/www.kunstverhau.de\/wp-content\/uploads\/2020\/09\/IMG_20200921_175536-2003x2048.jpg 2003w, https:\/\/www.kunstverhau.de\/wp-content\/uploads\/2020\/09\/IMG_20200921_175536-1200x1227.jpg 1200w, https:\/\/www.kunstverhau.de\/wp-content\/uploads\/2020\/09\/IMG_20200921_175536-1980x2025.jpg 1980w\" sizes=\"(max-width: 489px) 100vw, 489px\" \/><\/a><figcaption id=\"caption-attachment-1787\" class=\"wp-caption-text\">Formen im Raum<\/figcaption><\/figure>\r\n<\/td>\r\n<\/tr>\r\n<tr>\r\n<td style=\"width: 50%;\">\r\n<figure id=\"attachment_1784\" aria-describedby=\"caption-attachment-1784\" style=\"width: 413px\" class=\"wp-caption aligncenter\"><a href=\"https:\/\/www.kunstverhau.de\/wp-content\/uploads\/2020\/09\/IMG_20200921_175016-scaled.jpg\"><img loading=\"lazy\" decoding=\"async\" class=\"wp-image-1784\" src=\"https:\/\/www.kunstverhau.de\/wp-content\/uploads\/2020\/09\/IMG_20200921_175016-846x1024.jpg\" alt=\"\" width=\"413\" height=\"500\" srcset=\"https:\/\/www.kunstverhau.de\/wp-content\/uploads\/2020\/09\/IMG_20200921_175016-846x1024.jpg 846w, https:\/\/www.kunstverhau.de\/wp-content\/uploads\/2020\/09\/IMG_20200921_175016-248x300.jpg 248w, https:\/\/www.kunstverhau.de\/wp-content\/uploads\/2020\/09\/IMG_20200921_175016-768x930.jpg 768w, https:\/\/www.kunstverhau.de\/wp-content\/uploads\/2020\/09\/IMG_20200921_175016-1269x1536.jpg 1269w, https:\/\/www.kunstverhau.de\/wp-content\/uploads\/2020\/09\/IMG_20200921_175016-1691x2048.jpg 1691w, https:\/\/www.kunstverhau.de\/wp-content\/uploads\/2020\/09\/IMG_20200921_175016-1200x1453.jpg 1200w, https:\/\/www.kunstverhau.de\/wp-content\/uploads\/2020\/09\/IMG_20200921_175016-1980x2397.jpg 1980w\" sizes=\"(max-width: 413px) 100vw, 413px\" \/><\/a><figcaption id=\"caption-attachment-1784\" class=\"wp-caption-text\">T\u00fcr zum Raum<\/figcaption><\/figure>\r\n<\/td>\r\n<\/tr>\r\n<tr>\r\n<td style=\"width: 50%;\">\r\n<figure id=\"attachment_1783\" aria-describedby=\"caption-attachment-1783\" style=\"width: 402px\" class=\"wp-caption aligncenter\"><a href=\"https:\/\/www.kunstverhau.de\/wp-content\/uploads\/2020\/09\/IMG_20200921_174858-scaled.jpg\"><img loading=\"lazy\" decoding=\"async\" class=\"wp-image-1783\" src=\"https:\/\/www.kunstverhau.de\/wp-content\/uploads\/2020\/09\/IMG_20200921_174858-823x1024.jpg\" alt=\"\" width=\"402\" height=\"500\" srcset=\"https:\/\/www.kunstverhau.de\/wp-content\/uploads\/2020\/09\/IMG_20200921_174858-823x1024.jpg 823w, https:\/\/www.kunstverhau.de\/wp-content\/uploads\/2020\/09\/IMG_20200921_174858-241x300.jpg 241w, https:\/\/www.kunstverhau.de\/wp-content\/uploads\/2020\/09\/IMG_20200921_174858-768x956.jpg 768w, https:\/\/www.kunstverhau.de\/wp-content\/uploads\/2020\/09\/IMG_20200921_174858-1234x1536.jpg 1234w, https:\/\/www.kunstverhau.de\/wp-content\/uploads\/2020\/09\/IMG_20200921_174858-1645x2048.jpg 1645w, https:\/\/www.kunstverhau.de\/wp-content\/uploads\/2020\/09\/IMG_20200921_174858-1200x1494.jpg 1200w, https:\/\/www.kunstverhau.de\/wp-content\/uploads\/2020\/09\/IMG_20200921_174858-1980x2465.jpg 1980w\" sizes=\"(max-width: 402px) 100vw, 402px\" \/><\/a><figcaption id=\"caption-attachment-1783\" class=\"wp-caption-text\">Figur in T\u00fcre stehend<\/figcaption><\/figure>\r\n<br \/><br \/><\/td>\r\n<\/tr>\r\n<tr>\r\n<td style=\"width: 50%;\">\r\n<figure id=\"attachment_1799\" aria-describedby=\"caption-attachment-1799\" style=\"width: 356px\" class=\"wp-caption aligncenter\"><a href=\"https:\/\/www.kunstverhau.de\/wp-content\/uploads\/2020\/09\/P1040908-scaled.jpg\"><img loading=\"lazy\" decoding=\"async\" class=\"wp-image-1799\" src=\"https:\/\/www.kunstverhau.de\/wp-content\/uploads\/2020\/09\/P1040908-730x1024.jpg\" alt=\"\" width=\"356\" height=\"500\" srcset=\"https:\/\/www.kunstverhau.de\/wp-content\/uploads\/2020\/09\/P1040908-730x1024.jpg 730w, https:\/\/www.kunstverhau.de\/wp-content\/uploads\/2020\/09\/P1040908-214x300.jpg 214w, https:\/\/www.kunstverhau.de\/wp-content\/uploads\/2020\/09\/P1040908-768x1078.jpg 768w, https:\/\/www.kunstverhau.de\/wp-content\/uploads\/2020\/09\/P1040908-1094x1536.jpg 1094w, https:\/\/www.kunstverhau.de\/wp-content\/uploads\/2020\/09\/P1040908-1459x2048.jpg 1459w, https:\/\/www.kunstverhau.de\/wp-content\/uploads\/2020\/09\/P1040908-1200x1684.jpg 1200w, https:\/\/www.kunstverhau.de\/wp-content\/uploads\/2020\/09\/P1040908-1980x2779.jpg 1980w, https:\/\/www.kunstverhau.de\/wp-content\/uploads\/2020\/09\/P1040908-scaled.jpg 1824w\" sizes=\"(max-width: 356px) 100vw, 356px\" \/><\/a><figcaption id=\"caption-attachment-1799\" class=\"wp-caption-text\">Mann und Frau<\/figcaption><\/figure>\r\n<\/td>\r\n<\/tr>\r\n<tr>\r\n<td style=\"width: 50%;\">\r\n<figure id=\"attachment_1785\" aria-describedby=\"caption-attachment-1785\" style=\"width: 383px\" class=\"wp-caption aligncenter\"><a href=\"https:\/\/www.kunstverhau.de\/wp-content\/uploads\/2020\/09\/IMG_20200921_175059-scaled.jpg\"><img loading=\"lazy\" decoding=\"async\" class=\"wp-image-1785\" src=\"https:\/\/www.kunstverhau.de\/wp-content\/uploads\/2020\/09\/IMG_20200921_175059-784x1024.jpg\" alt=\"\" width=\"383\" height=\"500\" srcset=\"https:\/\/www.kunstverhau.de\/wp-content\/uploads\/2020\/09\/IMG_20200921_175059-784x1024.jpg 784w, https:\/\/www.kunstverhau.de\/wp-content\/uploads\/2020\/09\/IMG_20200921_175059-230x300.jpg 230w, https:\/\/www.kunstverhau.de\/wp-content\/uploads\/2020\/09\/IMG_20200921_175059-768x1003.jpg 768w, https:\/\/www.kunstverhau.de\/wp-content\/uploads\/2020\/09\/IMG_20200921_175059-1176x1536.jpg 1176w, https:\/\/www.kunstverhau.de\/wp-content\/uploads\/2020\/09\/IMG_20200921_175059-1568x2048.jpg 1568w, https:\/\/www.kunstverhau.de\/wp-content\/uploads\/2020\/09\/IMG_20200921_175059-1200x1567.jpg 1200w, https:\/\/www.kunstverhau.de\/wp-content\/uploads\/2020\/09\/IMG_20200921_175059-1980x2586.jpg 1980w, https:\/\/www.kunstverhau.de\/wp-content\/uploads\/2020\/09\/IMG_20200921_175059-scaled.jpg 1960w\" sizes=\"(max-width: 383px) 100vw, 383px\" \/><\/a><figcaption id=\"caption-attachment-1785\" class=\"wp-caption-text\">Gef\u00e4\u00dfe<\/figcaption><\/figure>\r\n<\/td>\r\n<\/tr>\r\n<tr>\r\n<td style=\"width: 50%;\">\r\n<figure id=\"attachment_1782\" aria-describedby=\"caption-attachment-1782\" style=\"width: 500px\" class=\"wp-caption aligncenter\"><a href=\"https:\/\/www.kunstverhau.de\/wp-content\/uploads\/2020\/09\/IMG_20200921_174739-scaled.jpg\"><img loading=\"lazy\" decoding=\"async\" class=\"wp-image-1782\" src=\"https:\/\/www.kunstverhau.de\/wp-content\/uploads\/2020\/09\/IMG_20200921_174739-1024x807.jpg\" alt=\"\" width=\"500\" height=\"394\" srcset=\"https:\/\/www.kunstverhau.de\/wp-content\/uploads\/2020\/09\/IMG_20200921_174739-1024x807.jpg 1024w, https:\/\/www.kunstverhau.de\/wp-content\/uploads\/2020\/09\/IMG_20200921_174739-300x236.jpg 300w, https:\/\/www.kunstverhau.de\/wp-content\/uploads\/2020\/09\/IMG_20200921_174739-768x605.jpg 768w, https:\/\/www.kunstverhau.de\/wp-content\/uploads\/2020\/09\/IMG_20200921_174739-1536x1210.jpg 1536w, https:\/\/www.kunstverhau.de\/wp-content\/uploads\/2020\/09\/IMG_20200921_174739-2048x1614.jpg 2048w, https:\/\/www.kunstverhau.de\/wp-content\/uploads\/2020\/09\/IMG_20200921_174739-1200x946.jpg 1200w, https:\/\/www.kunstverhau.de\/wp-content\/uploads\/2020\/09\/IMG_20200921_174739-1980x1560.jpg 1980w\" sizes=\"(max-width: 500px) 100vw, 500px\" \/><\/a><figcaption id=\"caption-attachment-1782\" class=\"wp-caption-text\">Landschaft (japanisch)<\/figcaption><\/figure>\r\n<br \/><br \/><\/td>\r\n<\/tr>\r\n<tr>\r\n<td style=\"width: 50%;\">\r\n<figure id=\"attachment_1788\" aria-describedby=\"caption-attachment-1788\" style=\"width: 359px\" class=\"wp-caption aligncenter\"><a href=\"https:\/\/www.kunstverhau.de\/wp-content\/uploads\/2020\/09\/IMG_20200921_175627-scaled.jpg\"><img loading=\"lazy\" decoding=\"async\" class=\"wp-image-1788\" src=\"https:\/\/www.kunstverhau.de\/wp-content\/uploads\/2020\/09\/IMG_20200921_175627-735x1024.jpg\" alt=\"\" width=\"359\" height=\"500\" srcset=\"https:\/\/www.kunstverhau.de\/wp-content\/uploads\/2020\/09\/IMG_20200921_175627-735x1024.jpg 735w, https:\/\/www.kunstverhau.de\/wp-content\/uploads\/2020\/09\/IMG_20200921_175627-215x300.jpg 215w, https:\/\/www.kunstverhau.de\/wp-content\/uploads\/2020\/09\/IMG_20200921_175627-768x1070.jpg 768w, https:\/\/www.kunstverhau.de\/wp-content\/uploads\/2020\/09\/IMG_20200921_175627-1103x1536.jpg 1103w, https:\/\/www.kunstverhau.de\/wp-content\/uploads\/2020\/09\/IMG_20200921_175627-1471x2048.jpg 1471w, https:\/\/www.kunstverhau.de\/wp-content\/uploads\/2020\/09\/IMG_20200921_175627-1200x1671.jpg 1200w, https:\/\/www.kunstverhau.de\/wp-content\/uploads\/2020\/09\/IMG_20200921_175627-1980x2758.jpg 1980w, https:\/\/www.kunstverhau.de\/wp-content\/uploads\/2020\/09\/IMG_20200921_175627-scaled.jpg 1838w\" sizes=\"(max-width: 359px) 100vw, 359px\" \/><\/a><figcaption id=\"caption-attachment-1788\" class=\"wp-caption-text\">Kopf<\/figcaption><\/figure>\r\n<\/td>\r\n<\/tr>\r\n<tr>\r\n<td style=\"width: 50%;\">\r\n<table style=\"border-collapse: collapse; width: 100%;\">\r\n<tbody>\r\n<tr>\r\n<td style=\"width: 33.3333%; border-style: solid; text-align: center; vertical-align: middle; border-color: #000000; background-color: #ebddb2;\"><span style=\"color: #000080;\"><a style=\"color: #000080;\" href=\"https:\/\/www.kunstverhau.de\/?page_id=44\">Holzarbeiten<\/a><\/span><\/td>\r\n<td style=\"width: 33.3333%; border-style: solid; text-align: center; vertical-align: middle; border-color: #000000; background-color: #ebddb2;\"><span style=\"color: #000080;\"><a style=\"color: #000080;\" href=\"https:\/\/www.kunstverhau.de\/?page_id=52\">Keramik<\/a><\/span><\/td>\r\n<td style=\"width: 33.3333%; border-style: solid; text-align: center; vertical-align: middle; border-color: #000000; background-color: #ebddb2;\"><span style=\"color: #000080;\"><a style=\"color: #000080;\" href=\"https:\/\/www.kunstverhau.de\/?page_id=55\">Steinarbeiten<\/a><\/span><\/td>\r\n<\/tr>\r\n<tr>\r\n<td style=\"width: 33.3333%; border-style: solid; text-align: center; vertical-align: middle; border-color: #000000; background-color: #ebddb2;\"><a href=\"https:\/\/www.kunstverhau.de\/?page_id=5015\"><span style=\"color: #000080;\">Metallarbeiten<\/span><\/a><\/td>\r\n<td style=\"width: 33.3333%; border-style: solid; text-align: center; vertical-align: middle; border-color: #000000; background-color: #ebddb2;\"><a href=\"https:\/\/www.kunstverhau.de\/?page_id=5021\"><span style=\"color: #000080;\">glasierte Keramik<\/span><\/a><\/td>\r\n<td style=\"width: 33.3333%; border-style: solid; text-align: center; vertical-align: middle; border-color: #000000; background-color: #ebddb2;\"><span style=\"color: #000080;\"><a style=\"color: #000080;\" href=\"https:\/\/www.kunstverhau.de\/?page_id=657\">Aquarelle<\/a><\/span><\/td>\r\n<\/tr>\r\n<\/tbody>\r\n<\/table>\r\n<div class=\"mceTemp\">\u00a0<\/div>\r\n<\/td>\r\n<\/tr>\r\n<\/tbody>\r\n<\/table>\r\n<\/div>\r\n\r\n\r\n\r\n\r\n\r\n\r\n\r\n\r\n\r\n\r\n\r\n\r\n\r\n\r\n\r\n\r\n\r\n\r\n\r\n\r\n\r\n\r\n\r\n\r\n\r\n\r\n\r\n\r\n\r\n\r\n\r\n\r\n\r\n\r\n\r\n\r\n","protected":false},"excerpt":{"rendered":"<p>Bilder (Aquarelle) \u00a0 Meine Aquarelle malte ich in einer Lasur-Technik, bei der die Aquarellfarbe mit Wasser stark verd\u00fcnnt und dann mit breitem Pinsel gleichm\u00e4\u00dfig aufgetragen wird. Die neu lasierte Schicht muss danach einige Stunden trocknen, bis die n\u00e4chste Schicht aufgetragen werden kann. Dadurch entstehen feine Farbabstufungen und ein Zusammenklingen der Farben. Einige der Aquarelle sind&hellip;<\/p>\n","protected":false},"author":3,"featured_media":0,"parent":8,"menu_order":0,"comment_status":"closed","ping_status":"closed","template":"tw-no-title.php","meta":{"_crdt_document":"","footnotes":""},"class_list":["post-657","page","type-page","status-publish","hentry"],"aioseo_notices":[],"featured_image_src":null,"featured_image_src_square":null,"_links":{"self":[{"href":"https:\/\/www.kunstverhau.de\/index.php?rest_route=\/wp\/v2\/pages\/657","targetHints":{"allow":["GET"]}}],"collection":[{"href":"https:\/\/www.kunstverhau.de\/index.php?rest_route=\/wp\/v2\/pages"}],"about":[{"href":"https:\/\/www.kunstverhau.de\/index.php?rest_route=\/wp\/v2\/types\/page"}],"author":[{"embeddable":true,"href":"https:\/\/www.kunstverhau.de\/index.php?rest_route=\/wp\/v2\/users\/3"}],"replies":[{"embeddable":true,"href":"https:\/\/www.kunstverhau.de\/index.php?rest_route=%2Fwp%2Fv2%2Fcomments&post=657"}],"version-history":[{"count":98,"href":"https:\/\/www.kunstverhau.de\/index.php?rest_route=\/wp\/v2\/pages\/657\/revisions"}],"predecessor-version":[{"id":5130,"href":"https:\/\/www.kunstverhau.de\/index.php?rest_route=\/wp\/v2\/pages\/657\/revisions\/5130"}],"up":[{"embeddable":true,"href":"https:\/\/www.kunstverhau.de\/index.php?rest_route=\/wp\/v2\/pages\/8"}],"wp:attachment":[{"href":"https:\/\/www.kunstverhau.de\/index.php?rest_route=%2Fwp%2Fv2%2Fmedia&parent=657"}],"curies":[{"name":"wp","href":"https:\/\/api.w.org\/{rel}","templated":true}]}}